{"id":26,"date":"2026-07-17T21:35:50","date_gmt":"2026-07-17T21:35:50","guid":{"rendered":"https:\/\/airafisioterapia.com\/?page_id=26"},"modified":"2026-08-12T17:17:44","modified_gmt":"2026-08-12T17:17:44","slug":"el-centro","status":"publish","type":"page","link":"https:\/\/airafisioterapia.com\/ca\/el-centro\/","title":{"rendered":"El Centre"},"content":{"rendered":"<div data-elementor-type=\"wp-page\" data-elementor-id=\"26\" class=\"elementor elementor-26\">\n\t\t\t\t\t\t<section class=\"elementor-section elementor-top-section elementor-element elementor-element-centro-video elementor-section-boxed elementor-section-height-default elementor-section-height-default\" data-id=\"centro-video\" data-element_type=\"section\" data-e-type=\"section\" data-settings=\"{&quot;background_background&quot;:&quot;classic&quot;}\">\n\t\t\t\t\t\t<div class=\"elementor-container elementor-column-gap-default\">\n\t\t\t\t\t<div class=\"elementor-column elementor-col-100 elementor-top-column elementor-element elementor-element-centro-video-col\" data-id=\"centro-video-col\" data-element_type=\"column\" data-e-type=\"column\">\n\t\t\t<div class=\"elementor-widget-wrap elementor-element-populated\">\n\t\t\t\t\t\t<div class=\"elementor-element elementor-element-centro-video-w elementor-widget elementor-widget-text-editor\" data-id=\"centro-video-w\" data-element_type=\"widget\" data-e-type=\"widget\" data-widget_type=\"text-editor.default\">\n\t\t\t\t\t\t\t\t\t<style>.aira-video-wrap{max-width:880px;margin:0 auto;}.aira-video-wrap video{width:100%;height:auto;aspect-ratio:21\/9;object-fit:cover;display:block;border-radius:8px;background:#F2ECE1;}@media (max-width:781px){.aira-video-wrap{max-width:100%;}.aira-video-wrap video{aspect-ratio:16\/9;border-radius:5px;}}<\/style><div style=\"text-align:center;margin:0 auto 26px;max-width:900px;\"><h1 style=\"font-family:'Cormorant Garamond',Georgia,serif;color:#402618;font-size:3rem;font-weight:700;margin:0;line-height:1.1;text-transform:uppercase;letter-spacing:.02em;\">El centro de fisioterapia y Pilates en Tarragona<\/h1><\/div><div class=\"aira-video-wrap\"><video src=\"https:\/\/airafisioterapia.com\/wp-content\/uploads\/2026\/07\/logo-Aira-movimiento.mp4\" autoplay muted loop playsinline preload=\"metadata\" aria-label=\"AIRA Fisioterapia + Pilates\"><\/video><\/div><script>(function(){function vel(){var el=document.querySelector(\".aira-video-wrap video\");if(!el){return;}el.defaultPlaybackRate=2;el.playbackRate=2;}if(document.readyState===\"loading\"){document.addEventListener(\"DOMContentLoaded\",vel);}else{vel();}window.addEventListener(\"load\",vel);setTimeout(vel,900);setTimeout(vel,2500);})();<\/script>\t\t\t\t\t\t\t\t<\/div>\n\t\t\t\t\t<\/div>\n\t\t<\/div>\n\t\t\t\t\t<\/div>\n\t\t<\/section>\n\t\t\t\t<section class=\"elementor-section elementor-top-section elementor-element elementor-element-nuestra-historia elementor-section-boxed elementor-section-height-default elementor-section-height-default\" data-id=\"nuestra-historia\" data-element_type=\"section\" data-e-type=\"section\" id=\"historia\" data-settings=\"{&quot;background_background&quot;:&quot;classic&quot;}\">\n\t\t\t\t\t\t<div class=\"elementor-container elementor-column-gap-default\">\n\t\t\t\t\t<div class=\"elementor-column elementor-col-100 elementor-top-column elementor-element elementor-element-nuestra-historia-col\" data-id=\"nuestra-historia-col\" data-element_type=\"column\" data-e-type=\"column\">\n\t\t\t<div class=\"elementor-widget-wrap elementor-element-populated\">\n\t\t\t\t\t\t<div class=\"elementor-element elementor-element-nuestra-historia-w elementor-widget elementor-widget-text-editor\" data-id=\"nuestra-historia-w\" data-element_type=\"widget\" data-e-type=\"widget\" data-widget_type=\"text-editor.default\">\n\t\t\t\t\t\t\t\t\t<style>.hist-row{display:flex;gap:52px;align-items:flex-start;flex-wrap:wrap;}.hist-foto{flex:0 0 340px;max-width:340px;position:relative;}.hist-foto::before{content:\"\";position:absolute;left:-18px;top:-18px;right:18px;bottom:18px;border:1px solid #C8A98A;border-radius:8px;z-index:0;}.hist-img{position:relative;z-index:1;aspect-ratio:1\/1;background-size:cover;background-position:center;border-radius:8px;box-shadow:0 10px 34px rgba(49,31,21,.12);}.hist-txt{flex:1 1 420px;min-width:300px;position:relative;}.hist-onda{position:absolute;right:-10px;top:-46px;width:120px;opacity:.28;pointer-events:none;}.hist-rule{width:56px;height:1px;background:#C8A98A;margin:16px 0 18px;}@media (max-width:781px){.hist-row{gap:38px;}.hist-foto{flex:0 0 100%;max-width:100%;order:2;}.hist-foto::before{left:-10px;top:-10px;right:10px;bottom:10px;}.hist-txt{order:1;}.hist-onda{display:none;}}<\/style><div class=\"hist-row\"><div class=\"hist-foto\"><div class=\"hist-img\" style=\"background-image:url('https:\/\/airafisioterapia.com\/wp-content\/uploads\/2026\/08\/ANDREA_00026-768x1152.jpg');background-position:50% 62%;\"><\/div><\/div><div class=\"hist-txt\"><img decoding=\"async\" class=\"hist-onda\" src=\"https:\/\/airafisioterapia.com\/wp-content\/uploads\/2026\/07\/AIRA__Elementos-graficos-11-1-scaled.png\" alt=\"\"><h2 style=\"font-family:'Cormorant Garamond',Georgia,serif;color:#311F15;font-size:3rem;font-weight:400;letter-spacing:.02em;line-height:1.08;margin:0;\">Nuestra historia<\/h2><p style=\"font-family:'Cormorant Garamond',Georgia,serif;font-style:italic;font-size:1.25rem;color:#85522E;font-weight:300;margin:14px 0 0;line-height:1.4;\">Un espacio creado para acompa\u00f1arte en cada etapa de tu vida<\/p><div class=\"hist-rule\"><\/div><p style=\"font-family:'Work Sans',sans-serif;color:#5a4a42;line-height:1.85;font-size:0.95rem;font-weight:300;margin:0 0 15px;\">AIRA nace con un prop\u00f3sito: que <strong>nadie tenga que pasar solo<\/strong> por los cambios de su cuerpo.<\/p><p style=\"font-family:'Work Sans',sans-serif;color:#5a4a42;line-height:1.85;font-size:0.95rem;font-weight:300;margin:0 0 15px;\">La idea surgi\u00f3 a ra\u00edz de mi propia experiencia durante el embarazo, cuando descubr\u00ed lo importante que es contar con profesionales especializados que te escuchen, te orienten y te acompa\u00f1en durante momentos de grandes cambios f\u00edsicos y emocionales.<\/p><p style=\"font-family:'Work Sans',sans-serif;color:#5a4a42;line-height:1.85;font-size:0.95rem;font-weight:300;margin:0 0 15px;\">Esa experiencia me impuls\u00f3 a crear un centro donde la mujer, los ni\u00f1os y las familias encuentren un acompa\u00f1amiento cercano y profesional.<\/p><\/div><\/div>\t\t\t\t\t\t\t\t<\/div>\n\t\t\t\t\t<\/div>\n\t\t<\/div>\n\t\t\t\t\t<\/div>\n\t\t<\/section>\n\t\t\t\t<section class=\"elementor-section elementor-top-section elementor-element elementor-element-historia-2 elementor-section-boxed elementor-section-height-default elementor-section-height-default\" data-id=\"historia-2\" data-element_type=\"section\" data-e-type=\"section\" data-settings=\"{&quot;background_background&quot;:&quot;classic&quot;}\">\n\t\t\t\t\t\t<div class=\"elementor-container elementor-column-gap-default\">\n\t\t\t\t\t<div class=\"elementor-column elementor-col-100 elementor-top-column elementor-element elementor-element-historia-2-col\" data-id=\"historia-2-col\" data-element_type=\"column\" data-e-type=\"column\">\n\t\t\t<div class=\"elementor-widget-wrap elementor-element-populated\">\n\t\t\t\t\t\t<div class=\"elementor-element elementor-element-historia-2-w elementor-widget elementor-widget-text-editor\" data-id=\"historia-2-w\" data-element_type=\"widget\" data-e-type=\"widget\" data-widget_type=\"text-editor.default\">\n\t\t\t\t\t\t\t\t\t<div style=\"max-width:820px;margin:0 auto;\"><p style=\"font-family:'Work Sans',sans-serif;color:#5a4a42;line-height:1.85;font-size:0.95rem;font-weight:300;margin:0 0 16px;\">Junto con mi pareja y ahora socio, decidimos dar forma a este proyecto con una visi\u00f3n com\u00fan: levantar un centro donde <strong>la fisioterapia, el movimiento y la prevenci\u00f3n<\/strong> fueran las herramientas para cuidar de las personas.<\/p><p style=\"font-family:'Work Sans',sans-serif;color:#5a4a42;line-height:1.85;font-size:0.95rem;font-weight:300;margin:0 0 16px;\">Como fisioterapeuta y apasionada del movimiento desde peque\u00f1a gracias a mi trayectoria como bailarina, siempre he entendido la salud desde una misma idea: un cuerpo que se mueve es un cuerpo que evoluciona.<\/p><p style=\"font-family:'Cormorant Garamond',Georgia,serif;font-size:1.7rem;font-weight:700;color:#402618;line-height:1.3;margin:28px 0 24px;text-align:center;\">As\u00ed nace AIRA.<\/p><p style=\"font-family:'Cormorant Garamond',Georgia,serif;font-style:italic;font-size:1.05rem;color:#85522E;margin:26px 0 0;text-align:right;\">Andrea, fisioterapeuta y fundadora de AIRA<\/p><\/div>\t\t\t\t\t\t\t\t<\/div>\n\t\t\t\t\t<\/div>\n\t\t<\/div>\n\t\t\t\t\t<\/div>\n\t\t<\/section>\n\t\t\t\t<section class=\"elementor-section elementor-top-section elementor-element elementor-element-aira-diferente elementor-section-boxed elementor-section-height-default elementor-section-height-default\" data-id=\"aira-diferente\" data-element_type=\"section\" data-e-type=\"section\" data-settings=\"{&quot;background_background&quot;:&quot;classic&quot;}\">\n\t\t\t\t\t\t<div class=\"elementor-container elementor-column-gap-default\">\n\t\t\t\t\t<div class=\"elementor-column elementor-col-100 elementor-top-column elementor-element elementor-element-aira-diferente-col\" data-id=\"aira-diferente-col\" data-element_type=\"column\" data-e-type=\"column\">\n\t\t\t<div class=\"elementor-widget-wrap elementor-element-populated\">\n\t\t\t\t\t\t<div class=\"elementor-element elementor-element-aira-diferente-w elementor-widget elementor-widget-text-editor\" data-id=\"aira-diferente-w\" data-element_type=\"widget\" data-e-type=\"widget\" data-widget_type=\"text-editor.default\">\n\t\t\t\t\t\t\t\t\t<style>.cruz{display:grid;grid-template-columns:1fr 1fr;max-width:1000px;margin:0 auto;}.cruz-q{padding:34px 40px;}.cruz-q:nth-child(1),.cruz-q:nth-child(3){border-right:1px solid rgba(242,236,225,.22);}.cruz-q:nth-child(1),.cruz-q:nth-child(2){border-bottom:1px solid rgba(242,236,225,.22);}.cruz-cab{display:flex;align-items:flex-start;gap:14px;margin-bottom:12px;}.cruz-t{font-family:'Cormorant Garamond',Georgia,serif;font-style:italic;font-size:1.55rem;line-height:1.15;margin:0;color:#DCC9A3;}.cruz-t strong{font-weight:700;color:#F2ECE1;}.cruz-txt p:last-child{margin-bottom:0 !important;}@media (max-width:781px){.cruz{grid-template-columns:1fr;}.cruz-q{padding:26px 4px;}.cruz-q:nth-child(1),.cruz-q:nth-child(3){border-right:none;}.cruz-q:nth-child(1),.cruz-q:nth-child(2),.cruz-q:nth-child(3){border-bottom:1px solid rgba(242,236,225,.22);}.cruz-t{font-size:1.35rem;}}<\/style><div style=\"max-width:820px;margin:0 auto 46px;text-align:center;\"><h2 style=\"font-family:'Cormorant Garamond',Georgia,serif;font-size:2.3rem;font-weight:700;margin:0 0 20px;line-height:1.18;\">\u00bfQu\u00e9 hace diferente a AIRA?<\/h2><p style=\"font-family:'Cormorant Garamond',Georgia,serif;font-style:italic;font-size:1.5rem;color:#DCC9A3;line-height:1.4;margin:0 0 18px;\">Aqu\u00ed cada persona importa.<\/p><p style=\"font-family:'Work Sans',sans-serif;font-size:14.5px;color:#E6DFD3;line-height:1.7;margin:0 0 10px;\">No creemos en tratamientos en cadena ni en pacientes que pasan desapercibidos. Cada persona que entra en AIRA tiene una historia, unos objetivos y unas necesidades diferentes.<\/p><p style=\"font-family:'Work Sans',sans-serif;font-size:14.5px;color:#E6DFD3;line-height:1.7;margin:0 0 10px;\">Por eso dedicamos tiempo a <strong>escuchar, valorar y explicar<\/strong>. Porque para nosotros la mejor atenci\u00f3n empieza mucho antes del tratamiento.<\/p><p style=\"font-family:'Work Sans',sans-serif;font-size:14.5px;color:#E6DFD3;line-height:1.7;margin:0 0 10px;\">Y creemos mucho en la <strong>prevenci\u00f3n<\/strong>, sobre todo en la infancia: una valoraci\u00f3n a tiempo puede marcar la diferencia en el desarrollo de un ni\u00f1o.<\/p><\/div><div style=\"text-align:center;margin-bottom:30px;\"><h3 style=\"font-family:'Cormorant Garamond',Georgia,serif;font-size:1.5rem;font-weight:700;margin:0;line-height:1.3;\">Nuestra forma de entender la fisioterapia en Tarragona<\/h3><\/div><div class=\"cruz\"><div class=\"cruz-q\"><div class=\"cruz-cab\"><svg viewbox=\"0 0 24 24\" width=\"40\" height=\"40\" fill=\"none\" stroke=\"#C9A98E\" stroke-width=\"1.5\" stroke-linecap=\"round\" stroke-linejoin=\"round\"><path d=\"M2.5 15.5c2-6 4-9 6-9s3 3 3 8 1 8 3 8 3.5-3 5.5-9\"\/><\/svg><p class=\"cruz-t\"><span>Creemos en<\/span><br><strong>el movimiento.<\/strong><\/p><\/div><div class=\"cruz-txt\"><p style=\"font-family:'Work Sans',sans-serif;font-size:14.5px;color:#E6DFD3;line-height:1.7;margin:0 0 10px;\">No solo en el movimiento f\u00edsico. Tambi\u00e9n en el movimiento como forma de avanzar, aprender, recuperar confianza y mejorar la calidad de vida.<\/p><p style=\"font-family:'Work Sans',sans-serif;font-size:14.5px;color:#E6DFD3;line-height:1.7;margin:0 0 10px;\"><\/p><\/div><\/div><div class=\"cruz-q\"><div class=\"cruz-cab\"><svg viewbox=\"0 0 24 24\" width=\"40\" height=\"40\" fill=\"none\" stroke=\"#C9A98E\" stroke-width=\"1.5\" stroke-linecap=\"round\" stroke-linejoin=\"round\"><path d=\"M12 20.5S3.6 14.6 3.6 9.2A4.4 4.4 0 0 1 12 6.8a4.4 4.4 0 0 1 8.4 2.4c0 5.4-8.4 11.3-8.4 11.3z\"\/><\/svg><p class=\"cruz-t\"><span>Creemos en<\/span><br><strong>la honestidad.<\/strong><\/p><\/div><div class=\"cruz-txt\"><p style=\"font-family:'Work Sans',sans-serif;font-size:14.5px;color:#E6DFD3;line-height:1.7;margin:0 0 10px;\">Si algo no va a funcionar, te lo diremos. Si necesitas m\u00e1s tiempo del esperado, te lo explicaremos. Y si puedes mejorar con herramientas que puedes aplicar en tu d\u00eda a d\u00eda, te ense\u00f1aremos c\u00f3mo.<\/p><p style=\"font-family:'Work Sans',sans-serif;font-size:14.5px;color:#E6DFD3;line-height:1.7;margin:0 0 10px;\">Sin promesas vac\u00edas. Sin tratamientos innecesarios.<\/p><\/div><\/div><div class=\"cruz-q\"><div class=\"cruz-cab\"><svg viewbox=\"0 0 24 24\" width=\"40\" height=\"40\" fill=\"none\" stroke=\"#C9A98E\" stroke-width=\"1.5\" stroke-linecap=\"round\" stroke-linejoin=\"round\"><circle cx=\"9\" cy=\"5.4\" r=\"2.2\"\/><path d=\"M9 7.6v4.2h6.6\"\/><path d=\"M9 11.8v6.6h5\"\/><circle cx=\"16.4\" cy=\"11.8\" r=\"1.6\"\/><circle cx=\"15\" cy=\"18.4\" r=\"1.6\"\/><\/svg><p class=\"cruz-t\"><span>Creemos en<\/span><br><strong>la tecnolog\u00eda que aporta valor.<\/strong><\/p><\/div><div class=\"cruz-txt\"><p style=\"font-family:'Work Sans',sans-serif;font-size:14.5px;color:#E6DFD3;line-height:1.7;margin:0 0 10px;\">La que suma al tratamiento. La que nos ayuda a acelerar procesos de recuperaci\u00f3n, mejorar resultados y ofrecer una atenci\u00f3n m\u00e1s precisa y personalizada.<\/p><p style=\"font-family:'Work Sans',sans-serif;font-size:14.5px;color:#E6DFD3;line-height:1.7;margin:0 0 10px;\">Siempre entendiendo que la tecnolog\u00eda es una herramienta al servicio del paciente.<\/p><\/div><\/div><div class=\"cruz-q\"><div class=\"cruz-cab\"><svg viewbox=\"0 0 24 24\" width=\"40\" height=\"40\" fill=\"none\" stroke=\"#C9A98E\" stroke-width=\"1.5\" stroke-linecap=\"round\" stroke-linejoin=\"round\"><path d=\"M12 12a2 2 0 1 1 2 2c-1.7 0-3-1.5-3-3.4s1.6-3.6 3.6-3.6 4 1.9 4 4.4-2.2 5.2-5.2 5.2-6-2.7-6-6.2 3.1-6.6 6.8-6.6\"\/><\/svg><p class=\"cruz-t\"><span>Creemos en<\/span><br><strong>nuestro equipo.<\/strong><\/p><\/div><div class=\"cruz-txt\"><p style=\"font-family:'Work Sans',sans-serif;font-size:14.5px;color:#E6DFD3;line-height:1.7;margin:0 0 10px;\">Porque un equipo cuidado, formado y motivado cuida mejor.<\/p><p style=\"font-family:'Work Sans',sans-serif;font-size:14.5px;color:#E6DFD3;line-height:1.7;margin:0 0 10px;\">Porque detr\u00e1s de cada tratamiento hay personas cuidando de personas. Y porque en AIRA tenemos claro que todo empieza por el compromiso de quienes forman parte del proyecto.<\/p><\/div><\/div><\/div>\t\t\t\t\t\t\t\t<\/div>\n\t\t\t\t\t<\/div>\n\t\t<\/div>\n\t\t\t\t\t<\/div>\n\t\t<\/section>\n\t\t\t\t<section class=\"elementor-section elementor-top-section elementor-element elementor-element-instalaciones-sec2 elementor-section-boxed elementor-section-height-default elementor-section-height-default\" data-id=\"instalaciones-sec2\" data-element_type=\"section\" data-e-type=\"section\" id=\"instalaciones\" data-settings=\"{&quot;background_background&quot;:&quot;classic&quot;}\">\n\t\t\t\t\t\t<div class=\"elementor-container elementor-column-gap-default\">\n\t\t\t\t\t<div class=\"elementor-column elementor-col-100 elementor-top-column elementor-element elementor-element-instalaciones-sec2-col\" data-id=\"instalaciones-sec2-col\" data-element_type=\"column\" data-e-type=\"column\">\n\t\t\t<div class=\"elementor-widget-wrap elementor-element-populated\">\n\t\t\t\t\t\t<div class=\"elementor-element elementor-element-instalaciones-sec2-w elementor-widget elementor-widget-text-editor\" data-id=\"instalaciones-sec2-w\" data-element_type=\"widget\" data-e-type=\"widget\" data-widget_type=\"text-editor.default\">\n\t\t\t\t\t\t\t\t\t<style>.inst-grid{display:flex;flex-wrap:wrap;gap:22px;justify-content:center;}.inst-galeria{display:flex;flex-wrap:wrap;gap:14px;justify-content:center;margin-top:34px;}.inst-foto{flex:0 0 calc(33.333% - 10px);} @media (max-width:781px){.inst-card{flex:0 0 100%!important;max-width:460px;}.inst-foto{flex:0 0 calc(50% - 7px)!important;}}<\/style><div style=\"max-width:820px;margin:0 auto 40px;text-align:center;\"><h2 style=\"font-family:'Cormorant Garamond',Georgia,serif;color:#402618;font-size:2.3rem;font-weight:700;margin:0 0 16px;line-height:1.18;\">Un espacio pensado para cuidar de ti y de tu familia<\/h2><p style=\"font-family:'Work Sans',sans-serif;font-size:15px;color:#54595F;line-height:1.75;margin:0 0 14px;\">En AIRA hemos creado un espacio <strong>c\u00f3modo, moderno y cercano<\/strong> donde la fisioterapia, el movimiento y el acompa\u00f1amiento profesional se unen.<\/p><p style=\"font-family:'Cormorant Garamond',Georgia,serif;font-style:italic;font-size:1.3rem;color:#85522E;line-height:1.5;margin:22px 0 0;\">Porque creemos que el entorno tambi\u00e9n forma parte del proceso de recuperaci\u00f3n.<\/p><\/div><div class=\"inst-grid\"><div class=\"inst-card\" style=\"flex:0 0 calc(50% - 11px);box-sizing:border-box;background:#fff;border-radius:6px;overflow:hidden;box-shadow:0 2px 18px rgba(49,31,21,0.07);\"><div style=\"background:#E6DFD3;border-radius:6px;height:260px;display:flex;align-items:center;justify-content:center;color:#7a6a62;font-family:'Work Sans',sans-serif;font-size:11px;letter-spacing:0.08em;text-transform:uppercase;text-align:center;padding:10px;box-sizing:border-box;\">Fotografia properament<\/div><div style=\"padding:24px 24px 28px;\"><p style=\"font-family:'Cormorant Garamond',Georgia,serif;font-weight:700;font-size:22px;color:#85522E;margin:0 0 10px;line-height:1.2;\">Recepci\u00f3n y sala de espera<\/p><p style=\"font-family:'Work Sans',sans-serif;font-size:14.5px;color:#54595F;line-height:1.7;margin:0 0 10px;\">Un espacio acogedor donde pacientes y familias puedan sentirse c\u00f3modos desde el primer momento.<\/p><p style=\"font-family:'Work Sans',sans-serif;font-size:14.5px;color:#54595F;line-height:1.7;margin:0 0 10px;\">Hemos creado un ambiente tranquilo y familiar, pensado para acompa\u00f1ar tanto a adultos como a los m\u00e1s peque\u00f1os.<\/p><\/div><\/div><div class=\"inst-card\" style=\"flex:0 0 calc(50% - 11px);box-sizing:border-box;background:#fff;border-radius:6px;overflow:hidden;box-shadow:0 2px 18px rgba(49,31,21,0.07);\"><div style=\"background:#E6DFD3;border-radius:6px;height:260px;display:flex;align-items:center;justify-content:center;color:#7a6a62;font-family:'Work Sans',sans-serif;font-size:11px;letter-spacing:0.08em;text-transform:uppercase;text-align:center;padding:10px;box-sizing:border-box;\">Fotografia properament<\/div><div style=\"padding:24px 24px 28px;\"><p style=\"font-family:'Cormorant Garamond',Georgia,serif;font-weight:700;font-size:22px;color:#85522E;margin:0 0 10px;line-height:1.2;\">Boxes de fisioterapia<\/p><p style=\"font-family:'Work Sans',sans-serif;font-size:14.5px;color:#54595F;line-height:1.7;margin:0 0 10px;\">Contamos con <strong>dos espacios privados de tratamiento<\/strong> donde nuestros fisioterapeutas realizan valoraciones y tratamientos individualizados.<\/p><p style=\"font-family:'Work Sans',sans-serif;font-size:14.5px;color:#54595F;line-height:1.7;margin:0 0 10px;\">Cada sesi\u00f3n combina la experiencia profesional, terapia manual, tecnolog\u00eda avanzada y ejercicio terap\u00e9utico seg\u00fan las necesidades de cada paciente.<\/p><\/div><\/div><div class=\"inst-card\" style=\"flex:0 0 calc(50% - 11px);box-sizing:border-box;background:#fff;border-radius:6px;overflow:hidden;box-shadow:0 2px 18px rgba(49,31,21,0.07);\"><div style=\"background:#E6DFD3;border-radius:6px;height:260px;display:flex;align-items:center;justify-content:center;color:#7a6a62;font-family:'Work Sans',sans-serif;font-size:11px;letter-spacing:0.08em;text-transform:uppercase;text-align:center;padding:10px;box-sizing:border-box;\">Fotografia properament<\/div><div style=\"padding:24px 24px 28px;\"><p style=\"font-family:'Cormorant Garamond',Georgia,serif;font-weight:700;font-size:22px;color:#85522E;margin:0 0 10px;line-height:1.2;\">Sala de fisioterapia pedi\u00e1trica<\/p><p style=\"font-family:'Work Sans',sans-serif;font-size:14.5px;color:#54595F;line-height:1.7;margin:0 0 10px;\">Adaptada a los m\u00e1s peque\u00f1os, donde la valoraci\u00f3n y el tratamiento se hacen respetando sus tiempos y sus necesidades.<\/p><p style=\"font-family:'Work Sans',sans-serif;font-size:14.5px;color:#54595F;line-height:1.7;margin:0 0 10px;\">Un entorno seguro donde los ni\u00f1os pueden sentirse c\u00f3modos mientras trabajamos para favorecer su desarrollo y bienestar.<\/p><\/div><\/div><div class=\"inst-card\" style=\"flex:0 0 calc(50% - 11px);box-sizing:border-box;background:#fff;border-radius:6px;overflow:hidden;box-shadow:0 2px 18px rgba(49,31,21,0.07);\"><div style=\"background:#E6DFD3;border-radius:6px;height:260px;display:flex;align-items:center;justify-content:center;color:#7a6a62;font-family:'Work Sans',sans-serif;font-size:11px;letter-spacing:0.08em;text-transform:uppercase;text-align:center;padding:10px;box-sizing:border-box;\">Fotografia properament<\/div><div style=\"padding:24px 24px 28px;\"><p style=\"font-family:'Cormorant Garamond',Georgia,serif;font-weight:700;font-size:22px;color:#85522E;margin:0 0 10px;line-height:1.2;\">Sala de Pilates terap\u00e9utico<\/p><p style=\"font-family:'Work Sans',sans-serif;font-size:14.5px;color:#54595F;line-height:1.7;margin:0 0 10px;\">Equipada con <strong>Pilates Reformer y Torre<\/strong>, para trabajar fuerza, movilidad y control corporal de forma segura y personalizada.<\/p><p style=\"font-family:'Work Sans',sans-serif;font-size:14.5px;color:#54595F;line-height:1.7;margin:0 0 10px;\">Sesiones guiadas por fisioterapeutas para ayudarte a moverte mejor, prevenir lesiones y recuperar la confianza en tu cuerpo.<\/p><\/div><\/div><\/div>\t\t\t\t\t\t\t\t<\/div>\n\t\t\t\t\t<\/div>\n\t\t<\/div>\n\t\t\t\t\t<\/div>\n\t\t<\/section>\n\t\t\t\t<section class=\"elementor-section elementor-top-section elementor-element elementor-element-profesionales-sec elementor-section-boxed elementor-section-height-default elementor-section-height-default\" data-id=\"profesionales-sec\" data-element_type=\"section\" data-e-type=\"section\" id=\"profesionales\" data-settings=\"{&quot;background_background&quot;:&quot;classic&quot;}\">\n\t\t\t\t\t\t<div class=\"elementor-container elementor-column-gap-default\">\n\t\t\t\t\t<div class=\"elementor-column elementor-col-100 elementor-top-column elementor-element elementor-element-p-t-col\" data-id=\"p-t-col\" data-element_type=\"column\" data-e-type=\"column\">\n\t\t\t<div class=\"elementor-widget-wrap elementor-element-populated\">\n\t\t\t\t\t\t<div class=\"elementor-element elementor-element-p-label elementor-widget elementor-widget-text-editor\" data-id=\"p-label\" data-element_type=\"widget\" data-e-type=\"widget\" data-widget_type=\"text-editor.default\">\n\t\t\t\t\t\t\t\t\t<p style=\"font-family:'Work Sans',sans-serif;font-size:10px;letter-spacing:0.28em;text-transform:uppercase;color:#C69265;font-weight:500;text-align:center;margin:0 0 8px;\">EL EQUIPO<\/p>\t\t\t\t\t\t\t\t<\/div>\n\t\t\t\t<div class=\"elementor-element elementor-element-p-t elementor-widget elementor-widget-heading\" data-id=\"p-t\" data-element_type=\"widget\" data-e-type=\"widget\" data-widget_type=\"heading.default\">\n\t\t\t\t\t<h2 class=\"elementor-heading-title elementor-size-default\">NUESTRAS PROFESIONALES<\/h2>\t\t\t\t<\/div>\n\t\t\t\t<div class=\"elementor-element elementor-element-p-sub elementor-widget elementor-widget-text-editor\" data-id=\"p-sub\" data-element_type=\"widget\" data-e-type=\"widget\" data-widget_type=\"text-editor.default\">\n\t\t\t\t\t\t\t\t\t<p style=\"font-family:'Cormorant Garamond',serif;font-style:italic;font-size:1.1rem;color:#85522E;font-weight:300;text-align:center;margin:0 0 40px;\">Fisioterapeutas especializadas, comprometidas con tu bienestar.<\/p>\t\t\t\t\t\t\t\t<\/div>\n\t\t\t\t<div class=\"elementor-element elementor-element-p-placeholder elementor-widget elementor-widget-text-editor\" data-id=\"p-placeholder\" data-element_type=\"widget\" data-e-type=\"widget\" data-widget_type=\"text-editor.default\">\n\t\t\t\t\t\t\t\t\t<div style=\"max-width:900px;margin:0 auto;background:#fff;border-radius:6px;padding:40px;box-shadow:0 2px 16px rgba(49,31,21,0.06);\">\n<div style=\"display:flex;gap:36px;flex-wrap:wrap;margin-bottom:20px;\">\n<div style=\"flex:0 0 220px;\">\n<img decoding=\"async\" src=\"https:\/\/airafisioterapia.com\/wp-content\/uploads\/2026\/08\/andrea-perfil.jpg\" alt=\"Andrea Mart\u00edn, fisioterapeuta y responsable de AIRA Fisioterapia + Pilates\" style=\"width:100%;border-radius:6px;display:block;box-shadow:0 2px 18px rgba(49,31,21,0.12);\">\n<\/div>\n<div style=\"flex:1 1 400px;min-width:260px;\">\n<p style=\"font-family:'Cormorant Garamond',serif;font-size:26px;color:#311F15;margin:0 0 4px;\">Andrea Mart\u00edn<\/p>\n<p style=\"font-family:'Work Sans',sans-serif;font-size:12px;letter-spacing:0.08em;text-transform:uppercase;color:#85522E;margin:0 0 20px;\">Fisioterapeuta y fundadora de AIRA<\/p>\n<p style=\"font-family:'Work Sans',sans-serif;font-size:14px;color:#54595F;line-height:1.75;margin:0 0 16px;\">Desde el inicio de mi carrera tuve claro que quer\u00eda dedicarme a acompa\u00f1ar a las personas en sus procesos de recuperaci\u00f3n, especialmente durante las primeras etapas de la vida.<\/p><p style=\"font-family:'Work Sans',sans-serif;font-size:14px;color:#54595F;line-height:1.75;margin:0 0 16px;\">Me gradu\u00e9 en Fisioterapia por la Universitat Rovira i Virgili y posteriormente realic\u00e9 el M\u00e1ster en Fisioterapia Pedi\u00e1trica por la Universitat Internacional de Catalunya, especializ\u00e1ndome en el tratamiento de beb\u00e9s, ni\u00f1os y adolescentes.<\/p><p style=\"font-family:'Work Sans',sans-serif;font-size:14px;color:#54595F;line-height:1.75;margin:0 0 16px;\">Durante m\u00e1s de tres a\u00f1os he trabajado en Atenci\u00f3n Temprana, acompa\u00f1ando a ni\u00f1os con diferentes necesidades: prematuridad, trastornos del desarrollo, patolog\u00edas neurol\u00f3gicas, s\u00edndromes gen\u00e9ticos, autismo y otras alteraciones del desarrollo motor. Esta experiencia me ha permitido comprender la importancia de mirar m\u00e1s all\u00e1 del diagn\u00f3stico y trabajar junto a las familias para potenciar las capacidades de cada ni\u00f1o.<\/p><p style=\"font-family:'Work Sans',sans-serif;font-size:14px;color:#54595F;line-height:1.75;margin:0 0 16px;\">Mi formaci\u00f3n se ha completado con especializaciones en fisioterapia respiratoria pedi\u00e1trica, c\u00f3lico del lactante y terapia manual pedi\u00e1trica integrativa, adem\u00e1s de formaci\u00f3n en pr\u00e1cticas centradas en la familia, porque creo que los padres son una parte esencial del proceso terap\u00e9utico.<\/p><p style=\"font-family:'Work Sans',sans-serif;font-size:14px;color:#54595F;line-height:1.75;margin:0 0 16px;\">Aunque la fisioterapia pedi\u00e1trica es mi gran pasi\u00f3n, tambi\u00e9n acompa\u00f1o a pacientes adultos con un abordaje basado en la valoraci\u00f3n individual y el tratamiento personalizado. Estoy formada en t\u00e9cnicas como punci\u00f3n seca, fibr\u00f3lisis diacut\u00e1nea, INDIBA&reg; Activ Therapy y fisioterapia aplicada a lesiones musculoesquel\u00e9ticas.<\/p><p style=\"font-family:'Work Sans',sans-serif;font-size:14px;color:#54595F;line-height:1.75;margin:0 0 16px;\">Mi otra gran pasi\u00f3n es el movimiento. Antes de ser fisioterapeuta estudi\u00e9 Pedagog\u00eda de las Artes Visuales y la Danza, una etapa que me llev\u00f3 a especializarme en Pilates suelo y m\u00e1quinas y en fisioterapia aplicada a la danza y las artes esc\u00e9nicas. Esta combinaci\u00f3n de fisioterapia y movimiento me permite ayudar a mis pacientes a recuperar confianza en su cuerpo, mejorar su rendimiento y prevenir lesiones.<\/p><p style=\"font-family:'Work Sans',sans-serif;font-size:14px;color:#54595F;line-height:1.75;margin:0 0 16px;\">En AIRA mi objetivo es crear un espacio donde cada persona se sienta escuchada, acompa\u00f1ada y comprendida. Un lugar donde la fisioterapia combine conocimiento cient\u00edfico, cercan\u00eda y una atenci\u00f3n verdaderamente personalizada.<\/p>\n<\/div>\n<\/div>\n<div style=\"border-top:1px solid #E6DFD3;padding-top:24px;\">\n<p style=\"font-family:'Work Sans',sans-serif;font-weight:600;font-size:14px;color:#311F15;margin:0 0 12px;\">Formaci\u00f3n destacada<\/p>\n<ul style=\"font-family:'Work Sans',sans-serif;font-size:13px;color:#54595F;line-height:1.6;margin:0;padding-left:20px;\"><li style=\"margin-bottom:8px;\">Graduada en Fisioterapia por la Universitat Rovira i Virgili (URV)<\/li><li style=\"margin-bottom:8px;\">M\u00e1ster en Fisioterapia Pedi\u00e1trica por la Universitat Internacional de Catalunya (UIC)<\/li><li style=\"margin-bottom:8px;\">Fisioterapia Respiratoria Pedi\u00e1trica \u2013 Fisiobronquial (100 h)<\/li><li style=\"margin-bottom:8px;\">Fisioterapia en el C\u00f3lico del Lactante \u2013 Fisiofocus<\/li><li style=\"margin-bottom:8px;\">Terapia Manual Integrativa Pedi\u00e1trica (niveles 1, 2 y 3)<\/li><li style=\"margin-bottom:8px;\">Pr\u00e1cticas centradas en la familia<\/li><li style=\"margin-bottom:8px;\">Fisioterapia de la Danza \u2013 CPAE<\/li><li style=\"margin-bottom:8px;\">Pilates suelo y m\u00e1quinas \u2013 Polestar Pilates<\/li><li style=\"margin-bottom:8px;\">Punci\u00f3n seca \u2013 Travell &#038; Simons<\/li><li style=\"margin-bottom:8px;\">Fibr\u00f3lisis diacut\u00e1nea<\/li><li style=\"margin-bottom:8px;\">INDIBA&reg; Activ Therapy e INDIBA&reg; Activ Fisioest\u00e9tica<\/li><\/ul>\n<\/div>\n<\/div>\n<style>@media (max-width:700px){ .aira-espacio-h{} }<\/style>\t\t\t\t\t\t\t\t<\/div>\n\t\t\t\t\t<\/div>\n\t\t<\/div>\n\t\t\t\t\t<\/div>\n\t\t<\/section>\n\t\t\t\t<\/div>","protected":false},"excerpt":{"rendered":"<p>El centro de fisioterapia y Pilates en Tarragona Nuestra historia Un espacio creado para acompa\u00f1arte en cada etapa de tu [&hellip;]<\/p>\n","protected":false},"author":1,"featured_media":0,"parent":0,"menu_order":0,"comment_status":"closed","ping_status":"closed","template":"","meta":{"site-sidebar-layout":"default","site-content-layout":"","ast-site-content-layout":"default","site-content-style":"default","site-sidebar-style":"default","ast-global-header-display":"","ast-banner-title-visibility":"","ast-main-header-display":"","ast-hfb-above-header-display":"","ast-hfb-below-header-display":"","ast-hfb-mobile-header-display":"","site-post-title":"disabled","ast-breadcrumbs-content":"","ast-featured-img":"","footer-sml-layout":"","ast-disable-related-posts":"","theme-transparent-header-meta":"","adv-header-id-meta":"","stick-header-meta":"","header-above-stick-meta":"","header-main-stick-meta":"","header-below-stick-meta":"","astra-migrate-meta-layouts":"default","ast-page-background-enabled":"default","ast-page-background-meta":{"desktop":{"background-color":"var(--ast-global-color-5)","background-image":"","background-repeat":"repeat","background-position":"center center","background-size":"auto","background-attachment":"scroll","background-type":"","background-media":"","overlay-type":"","overlay-color":"","overlay-opacity":"","overlay-gradient":""},"tablet":{"background-color":"","background-image":"","background-repeat":"repeat","background-position":"center center","background-size":"auto","background-attachment":"scroll","background-type":"","background-media":"","overlay-type":"","overlay-color":"","overlay-opacity":"","overlay-gradient":""},"mobile":{"background-color":"","background-image":"","background-repeat":"repeat","background-position":"center center","background-size":"auto","background-attachment":"scroll","background-type":"","background-media":"","overlay-type":"","overlay-color":"","overlay-opacity":"","overlay-gradient":""}},"ast-content-background-meta":{"desktop":{"background-color":"var(--ast-global-color-4)","background-image":"","background-repeat":"repeat","background-position":"center center","background-size":"auto","background-attachment":"scroll","background-type":"","background-media":"","overlay-type":"","overlay-color":"","overlay-opacity":"","overlay-gradient":""},"tablet":{"background-color":"var(--ast-global-color-4)","background-image":"","background-repeat":"repeat","background-position":"center center","background-size":"auto","background-attachment":"scroll","background-type":"","background-media":"","overlay-type":"","overlay-color":"","overlay-opacity":"","overlay-gradient":""},"mobile":{"background-color":"var(--ast-global-color-4)","background-image":"","background-repeat":"repeat","background-position":"center center","background-size":"auto","background-attachment":"scroll","background-type":"","background-media":"","overlay-type":"","overlay-color":"","overlay-opacity":"","overlay-gradient":""}},"footnotes":""},"class_list":["post-26","page","type-page","status-publish","hentry"],"_links":{"self":[{"href":"https:\/\/airafisioterapia.com\/ca\/wp-json\/wp\/v2\/pages\/26","targetHints":{"allow":["GET"]}}],"collection":[{"href":"https:\/\/airafisioterapia.com\/ca\/wp-json\/wp\/v2\/pages"}],"about":[{"href":"https:\/\/airafisioterapia.com\/ca\/wp-json\/wp\/v2\/types\/page"}],"author":[{"embeddable":true,"href":"https:\/\/airafisioterapia.com\/ca\/wp-json\/wp\/v2\/users\/1"}],"replies":[{"embeddable":true,"href":"https:\/\/airafisioterapia.com\/ca\/wp-json\/wp\/v2\/comments?post=26"}],"version-history":[{"count":59,"href":"https:\/\/airafisioterapia.com\/ca\/wp-json\/wp\/v2\/pages\/26\/revisions"}],"predecessor-version":[{"id":1654,"href":"https:\/\/airafisioterapia.com\/ca\/wp-json\/wp\/v2\/pages\/26\/revisions\/1654"}],"wp:attachment":[{"href":"https:\/\/airafisioterapia.com\/ca\/wp-json\/wp\/v2\/media?parent=26"}],"curies":[{"name":"wp","href":"https:\/\/api.w.org\/{rel}","templated":true}]}}