{"id":1656,"date":"2026-08-23T13:03:33","date_gmt":"2026-08-23T13:03:33","guid":{"rendered":"https:\/\/airafisioterapia.com\/horarios-y-tarifas\/"},"modified":"2026-08-25T18:38:08","modified_gmt":"2026-08-25T18:38:08","slug":"horarios-y-tarifas","status":"publish","type":"page","link":"https:\/\/airafisioterapia.com\/ca\/horarios-y-tarifas\/","title":{"rendered":"Horaris i tarifes"},"content":{"rendered":"<div data-elementor-type=\"wp-page\" data-elementor-id=\"1656\" class=\"elementor elementor-1656\">\n\t\t\t\t\t\t<section class=\"elementor-section elementor-top-section elementor-element elementor-element-hor-hero elementor-section-boxed elementor-section-height-default elementor-section-height-default\" data-id=\"hor-hero\" data-element_type=\"section\" data-e-type=\"section\" data-settings=\"{&quot;background_background&quot;:&quot;classic&quot;}\">\n\t\t\t\t\t\t<div class=\"elementor-container elementor-column-gap-default\">\n\t\t\t\t\t<div class=\"elementor-column elementor-col-100 elementor-top-column elementor-element elementor-element-hor-hero-col\" data-id=\"hor-hero-col\" data-element_type=\"column\" data-e-type=\"column\">\n\t\t\t<div class=\"elementor-widget-wrap elementor-element-populated\">\n\t\t\t\t\t\t<div class=\"elementor-element elementor-element-hor-hero-w elementor-widget elementor-widget-text-editor\" data-id=\"hor-hero-w\" data-element_type=\"widget\" data-e-type=\"widget\" data-widget_type=\"text-editor.default\">\n\t\t\t\t\t\t\t\t\t<div style=\"text-align:center;max-width:900px;margin:0 auto;\"><h1 style=\"font-size:3rem;line-height:1.12;margin:0 0 16px;color:#311F15;text-transform:uppercase;letter-spacing:.02em;\">Horaris i tarifes de fisioter\u00e0pia i Pilates a Tarragona<\/h1><p style=\"font-family:'Cormorant Garamond',Georgia,serif;font-style:italic;font-size:1.35rem;letter-spacing:.05em;color:#85522E;margin:0 0 22px;\">Matins i tardes, de dilluns a divendres<\/p><p style=\"font-family:'Work Sans',sans-serif;font-size:17px;line-height:1.75;color:#311F15;max-width:720px;margin:0 auto 28px;\">Aqu\u00ed tens la setmana completa i les tarifes de cada servei. Si cap hora no et va b\u00e9, escriu-nos i et diem quines alternatives hi ha.<\/p><a href=\"\/ca\/contacto\/\" style=\"display:inline-block;font-family:'Work Sans',sans-serif;font-size:10px;letter-spacing:0.12em;text-transform:uppercase;font-weight:600;padding:15px 30px;border-radius:3px;text-decoration:none;background:#311F15;color:#F2ECE1;\">Reserva la teva pla\u00e7a<\/a><\/div><style>.elementor-element-hor-hero,.elementor-element-hor-cuadro,.elementor-element-hor-tarifas,.elementor-element-hor-cta{position:relative;overflow:hidden;}.elementor-element-hor-hero::before{content:'';position:absolute;inset:0;z-index:0;pointer-events:none;background-color:#85522E;-webkit-mask:url(https:\/\/airafisioterapia.com\/wp-content\/uploads\/2026\/07\/AIRA__Elementos-graficos-17-scaled.png) center\/260px repeat;mask:url(https:\/\/airafisioterapia.com\/wp-content\/uploads\/2026\/07\/AIRA__Elementos-graficos-17-scaled.png) center\/260px repeat;opacity:.085;}.elementor-element-hor-cuadro::before{content:'';position:absolute;inset:0;z-index:0;pointer-events:none;background-color:#C69265;-webkit-mask:url(https:\/\/airafisioterapia.com\/wp-content\/uploads\/2026\/07\/AIRA__Elementos-graficos-17-scaled.png) center\/340px repeat;mask:url(https:\/\/airafisioterapia.com\/wp-content\/uploads\/2026\/07\/AIRA__Elementos-graficos-17-scaled.png) center\/340px repeat;opacity:.05;}.elementor-element-hor-tarifas::before{content:'';position:absolute;inset:0;z-index:0;pointer-events:none;background-color:#85522E;-webkit-mask:url(https:\/\/airafisioterapia.com\/wp-content\/uploads\/2026\/07\/AIRA__Elementos-graficos-17-scaled.png) center\/300px repeat;mask:url(https:\/\/airafisioterapia.com\/wp-content\/uploads\/2026\/07\/AIRA__Elementos-graficos-17-scaled.png) center\/300px repeat;opacity:.10;}.elementor-element-hor-cta::after{content:'';position:absolute;inset:0;z-index:0;pointer-events:none;background-color:#F2ECE1;-webkit-mask:url(https:\/\/airafisioterapia.com\/wp-content\/uploads\/2026\/07\/AIRA__Elementos-graficos-11-scaled.png) center center\/620px auto no-repeat;mask:url(https:\/\/airafisioterapia.com\/wp-content\/uploads\/2026\/07\/AIRA__Elementos-graficos-11-scaled.png) center center\/620px auto no-repeat;opacity:.07;}.elementor-element-hor-hero>.elementor-container,.elementor-element-hor-cuadro>.elementor-container,.elementor-element-hor-tarifas>.elementor-container,.elementor-element-hor-cta>.elementor-container{position:relative;z-index:1;}@media (max-width:600px){html body .hor-tarifa{height:500px !important;}html body .hor-tarifa-front,html body .hor-tarifa-back{padding:22px 18px !important;}html body .hor-tar-d{font-size:15px;line-height:1.6;}html body .hor-tar-v{font-size:14px;line-height:1.7;}html body .hor-tar-ver{padding-top:12px;}html body .hor-tar h2,html body .hor-cuadro h2{font-size:clamp(1.9rem,8.5vw,2.5rem) !important;}}<\/style>\t\t\t\t\t\t\t\t<\/div>\n\t\t\t\t\t<\/div>\n\t\t<\/div>\n\t\t\t\t\t<\/div>\n\t\t<\/section>\n\t\t\t\t<section class=\"elementor-section elementor-top-section elementor-element elementor-element-hor-cuadro elementor-section-boxed elementor-section-height-default elementor-section-height-default\" data-id=\"hor-cuadro\" data-element_type=\"section\" data-e-type=\"section\" data-settings=\"{&quot;background_background&quot;:&quot;classic&quot;}\">\n\t\t\t\t\t\t<div class=\"elementor-container elementor-column-gap-default\">\n\t\t\t\t\t<div class=\"elementor-column elementor-col-100 elementor-top-column elementor-element elementor-element-hor-cuadro-col\" data-id=\"hor-cuadro-col\" data-element_type=\"column\" data-e-type=\"column\">\n\t\t\t<div class=\"elementor-widget-wrap elementor-element-populated\">\n\t\t\t\t\t\t<div class=\"elementor-element elementor-element-hor-cuadro-w elementor-widget elementor-widget-text-editor\" data-id=\"hor-cuadro-w\" data-element_type=\"widget\" data-e-type=\"widget\" data-widget_type=\"text-editor.default\">\n\t\t\t\t\t\t\t\t\t<style>.hor-cuadro{max-width:940px;margin:0 auto;}.hor-ley{display:flex;flex-wrap:wrap;gap:10px 20px;justify-content:center;margin:22px 0 26px;}.hor-ley i{display:inline-flex;align-items:center;gap:9px;font-style:normal;font-family:'Work Sans',sans-serif;font-size:12.5px;letter-spacing:.06em;text-transform:uppercase;font-weight:600;color:#5C4A3E;}.hor-ley b{display:inline-block;width:16px;height:16px;border-radius:4px;}.hor-sc{overflow-x:auto;-webkit-overflow-scrolling:touch;}.hor-tabla{border-collapse:separate;border-spacing:4px;width:100%;min-width:560px;font-family:'Work Sans',sans-serif;}.hor-tabla th{font-size:11px;font-weight:600;letter-spacing:.16em;text-transform:uppercase;color:#85522E;padding:0 0 6px;text-align:center;}.hor-tabla th.h{text-align:right;padding-right:10px;width:62px;}.hor-tabla td{padding:0;}.hor-h{font-size:13.5px;font-weight:600;color:#5C4A3E;text-align:right;padding-right:10px;white-space:nowrap;font-variant-numeric:tabular-nums;}.hor-c{display:block;border-radius:5px;padding:11px 6px;text-align:center;font-size:11.5px;font-weight:600;letter-spacing:.04em;line-height:1.25;}.hor-c.pil{background:#85522E;color:#F7F2E9;}.hor-c.emb{background:#C69265;color:#2E1D14;}.hor-c.fis{background:#DFD7C9;color:#3D2A1E;}.hor-c.no{background:transparent;border:1px dashed rgba(49,31,21,.13);color:transparent;}.hor-nota{font-family:'Work Sans',sans-serif;font-size:14px;line-height:1.7;color:#7a6a5f;max-width:720px;margin:26px auto 0;text-align:center;}@media (max-width:600px){.hor-tabla{min-width:520px;border-spacing:3px;}.hor-c{font-size:10.5px;padding:9px 3px;}.hor-h{font-size:12px;padding-right:6px;}.hor-tabla th.h{width:50px;}}<\/style><div class=\"hor-cuadro\"><h2 style=\"font-size:2.5rem;line-height:1.18;margin:0 0 8px;color:#311F15;text-align:center;\">Horaris<\/h2><p style=\"font-family:'Work Sans',sans-serif;font-size:16px;line-height:1.75;color:#311F15;text-align:center;margin:0;\">Una setmana a AIRA, d'un cop d'ull. Les classes s\u00f3n de 55 minuts en grups de m\u00e0xim 5 persones.<\/p><div class=\"hor-ley\"><i><b style=\"background:#85522E;\"><\/b>Pilates<\/i><i><b style=\"background:#C69265;\"><\/b>Embar\u00e0s i postpart<\/i><i><b style=\"background:#DFD7C9;\"><\/b>Fisioter\u00e0pia<\/i><\/div><div class=\"hor-sc\"><table class=\"hor-tabla\"><thead><tr><th class=\"h\">Hora<\/th><th>Dl<\/th><th>Dt<\/th><th>Dc<\/th><th>Dj<\/th><th>Dv<\/th><\/tr><\/thead><tbody><tr><td class=\"hor-h\">8:30<\/td><td><span class=\"hor-c pil\">Pilates<\/span><\/td><td><span class=\"hor-c no\">&nbsp;<\/span><\/td><td><span class=\"hor-c pil\">Pilates<\/span><\/td><td><span class=\"hor-c no\">&nbsp;<\/span><\/td><td><span class=\"hor-c pil\">Pilates<\/span><\/td><\/tr><tr><td class=\"hor-h\">9:30<\/td><td><span class=\"hor-c pil\">Pilates<\/span><\/td><td><span class=\"hor-c fis\">Fisioter\u00e0pia<\/span><\/td><td><span class=\"hor-c pil\">Pilates<\/span><\/td><td><span class=\"hor-c fis\">Fisioter\u00e0pia<\/span><\/td><td><span class=\"hor-c pil\">Pilates<\/span><\/td><\/tr><tr><td class=\"hor-h\">10:30<\/td><td><span class=\"hor-c fis\">Fisioter\u00e0pia<\/span><\/td><td><span class=\"hor-c fis\">Fisioter\u00e0pia<\/span><\/td><td><span class=\"hor-c fis\">Fisioter\u00e0pia<\/span><\/td><td><span class=\"hor-c fis\">Fisioter\u00e0pia<\/span><\/td><td><span class=\"hor-c fis\">Fisioter\u00e0pia<\/span><\/td><\/tr><tr><td class=\"hor-h\">11:00<\/td><td><span class=\"hor-c no\">&nbsp;<\/span><\/td><td><span class=\"hor-c emb\">Embar\u00e0s<\/span><\/td><td><span class=\"hor-c no\">&nbsp;<\/span><\/td><td><span class=\"hor-c emb\">Embar\u00e0s<\/span><\/td><td><span class=\"hor-c fis\">Fisioter\u00e0pia<\/span><\/td><\/tr><tr><td class=\"hor-h\">13:30<\/td><td><span class=\"hor-c fis\">Fisioter\u00e0pia<\/span><\/td><td><span class=\"hor-c no\">&nbsp;<\/span><\/td><td><span class=\"hor-c fis\">Fisioter\u00e0pia<\/span><\/td><td><span class=\"hor-c no\">&nbsp;<\/span><\/td><td><span class=\"hor-c pil\">Pilates<\/span><\/td><\/tr><tr><td class=\"hor-h\">14:30<\/td><td><span class=\"hor-c pil\">Pilates<\/span><\/td><td><span class=\"hor-c no\">&nbsp;<\/span><\/td><td><span class=\"hor-c pil\">Pilates<\/span><\/td><td><span class=\"hor-c no\">&nbsp;<\/span><\/td><td><span class=\"hor-c no\">&nbsp;<\/span><\/td><\/tr><tr><td class=\"hor-h\">15:30<\/td><td><span class=\"hor-c pil\">Pilates<\/span><\/td><td><span class=\"hor-c fis\">Fisioter\u00e0pia<\/span><\/td><td><span class=\"hor-c pil\">Pilates<\/span><\/td><td><span class=\"hor-c fis\">Fisioter\u00e0pia<\/span><\/td><td><span class=\"hor-c no\">&nbsp;<\/span><\/td><\/tr><tr><td class=\"hor-h\">16:30<\/td><td><span class=\"hor-c fis\">Fisioter\u00e0pia<\/span><\/td><td><span class=\"hor-c fis\">Fisioter\u00e0pia<\/span><\/td><td><span class=\"hor-c fis\">Fisioter\u00e0pia<\/span><\/td><td><span class=\"hor-c fis\">Fisioter\u00e0pia<\/span><\/td><td><span class=\"hor-c no\">&nbsp;<\/span><\/td><\/tr><tr><td class=\"hor-h\">17:30<\/td><td><span class=\"hor-c fis\">Fisioter\u00e0pia<\/span><\/td><td><span class=\"hor-c pil\">Pilates<\/span><\/td><td><span class=\"hor-c fis\">Fisioter\u00e0pia<\/span><\/td><td><span class=\"hor-c pil\">Pilates<\/span><\/td><td><span class=\"hor-c no\">&nbsp;<\/span><\/td><\/tr><tr><td class=\"hor-h\">18:30<\/td><td><span class=\"hor-c no\">&nbsp;<\/span><\/td><td><span class=\"hor-c pil\">Pilates<\/span><\/td><td><span class=\"hor-c no\">&nbsp;<\/span><\/td><td><span class=\"hor-c pil\">Pilates<\/span><\/td><td><span class=\"hor-c no\">&nbsp;<\/span><\/td><\/tr><tr><td class=\"hor-h\">19:30<\/td><td><span class=\"hor-c no\">&nbsp;<\/span><\/td><td><span class=\"hor-c pil\">Pilates<\/span><\/td><td><span class=\"hor-c no\">&nbsp;<\/span><\/td><td><span class=\"hor-c pil\">Pilates<\/span><\/td><td><span class=\"hor-c no\">&nbsp;<\/span><\/td><\/tr><\/tbody><\/table><\/div><p class=\"hor-nota\">La classe d'embar\u00e0s i postpart comen\u00e7a a les 11:00. Les franges de fisioter\u00e0pia s\u00f3n per a visites individuals, tamb\u00e9 de <a href=\"\/ca\/fisioterapia\/fisioterapia-pediatrica\/\" style=\"color:#85522E;\">pediatria<\/a> i de <a href=\"\/ca\/pilates\/\" style=\"color:#85522E;\">Pilates individual<\/a>, amb cita pr\u00e8via. No et va b\u00e9 cap hora? <a href=\"\/ca\/contacto\/\" style=\"color:#85522E;\">Escriu-nos<\/a> i busquem una soluci\u00f3.<\/p><\/div>\t\t\t\t\t\t\t\t<\/div>\n\t\t\t\t\t<\/div>\n\t\t<\/div>\n\t\t\t\t\t<\/div>\n\t\t<\/section>\n\t\t\t\t<section class=\"elementor-section elementor-top-section elementor-element elementor-element-hor-tarifas elementor-section-boxed elementor-section-height-default elementor-section-height-default\" data-id=\"hor-tarifas\" data-element_type=\"section\" data-e-type=\"section\" data-settings=\"{&quot;background_background&quot;:&quot;classic&quot;}\">\n\t\t\t\t\t\t<div class=\"elementor-container elementor-column-gap-default\">\n\t\t\t\t\t<div class=\"elementor-column elementor-col-100 elementor-top-column elementor-element elementor-element-hor-tarifas-col\" data-id=\"hor-tarifas-col\" data-element_type=\"column\" data-e-type=\"column\">\n\t\t\t<div class=\"elementor-widget-wrap elementor-element-populated\">\n\t\t\t\t\t\t<div class=\"elementor-element elementor-element-hor-tarifas-w elementor-widget elementor-widget-text-editor\" data-id=\"hor-tarifas-w\" data-element_type=\"widget\" data-e-type=\"widget\" data-widget_type=\"text-editor.default\">\n\t\t\t\t\t\t\t\t\t<style>.hor-tar{max-width:1000px;margin:0 auto;}.hor-tar-grid{display:flex;flex-wrap:wrap;gap:22px;justify-content:center;margin-top:24px;}.hor-tarifa{flex:0 0 calc(50% - 11px);max-width:calc(50% - 11px);height:470px;perspective:1400px;cursor:pointer;outline:none;-webkit-tap-highlight-color:transparent;}.hor-tarifa-inner{position:relative;width:100%;height:100%;transition:transform .7s;transform-style:preserve-3d;}.hor-tarifa.flipped .hor-tarifa-inner{transform:rotateY(180deg);}.hor-tarifa-front,.hor-tarifa-back{position:absolute;inset:0;backface-visibility:hidden;-webkit-backface-visibility:hidden;border-radius:8px;border:1px solid rgba(49,31,21,.10);padding:26px 24px;display:flex;flex-direction:column;}.hor-tarifa-front{background:#FFFFFF;text-align:center;align-items:center;}.hor-tarifa-back{background:#261912;transform:rotateY(180deg);}.hor-tar-t{font-family:'Panama','Cormorant Garamond',Georgia,serif;font-size:1.45rem;line-height:1.2;color:#311F15;margin:0;}.hor-tar-img{width:100%;flex:1 1 auto;min-height:0;object-fit:cover;border-radius:6px;margin:16px 0 0;display:block;}.hor-tar-ver{font-family:'Work Sans',sans-serif;font-size:11px;font-weight:600;letter-spacing:.15em;text-transform:uppercase;color:#85522E;padding-top:15px;margin:0;}.hor-tar-bt{font-family:'Panama','Cormorant Garamond',Georgia,serif;font-size:1.3rem;color:#F2ECE1;margin:0 0 14px;}.hor-tar-fila{display:flex;justify-content:space-between;gap:14px;font-family:'Work Sans',sans-serif;font-size:15px;line-height:1.6;color:#FBF7F0;padding:7px 0;border-bottom:1px solid rgba(242,236,225,.14);}.hor-tar-fila span:last-child{font-weight:600;white-space:nowrap;}.hor-tar-fila s{opacity:.5;font-weight:400;margin-right:7px;}.hor-tar-grp{font-family:'Work Sans',sans-serif;font-size:11px;font-weight:600;letter-spacing:.18em;text-transform:uppercase;color:#C69265;margin:14px 0 2px;}.hor-tar-pie{font-family:'Work Sans',sans-serif;font-size:13px;line-height:1.6;color:#c9b8a9;margin-top:auto;padding-top:14px;}.hor-tar-sec{font-family:'Work Sans',sans-serif;font-size:11px;font-weight:600;letter-spacing:.2em;text-transform:uppercase;color:#85522E;text-align:center;margin:46px 0 0;}.hor-tar-nota{font-family:'Work Sans',sans-serif;font-size:15px;line-height:1.75;color:#7a6a5f;text-align:center;margin:30px auto 0;max-width:720px;}@media (max-width:820px){.hor-tarifa{flex:1 1 100%;max-width:100%;}}<\/style><div class=\"hor-tar\"><h2 style=\"font-size:2.5rem;line-height:1.18;margin:0 0 8px;color:#311F15;text-align:center;\">Tarifes<\/h2><p style=\"font-family:'Work Sans',sans-serif;font-size:16px;line-height:1.75;color:#311F15;text-align:center;margin:0;\">Toca cada targeta per veure els preus.<\/p><p class=\"hor-tar-sec\">Fisioter\u00e0pia<\/p><div class=\"hor-tar-grid\"><div class=\"hor-tarifa\" tabindex=\"0\"><div class=\"hor-tarifa-inner\"><div class=\"hor-tarifa-front\"><p class=\"hor-tar-t\">Fisioter\u00e0pia<\/p><img decoding=\"async\" class=\"hor-tar-img\" src=\"https:\/\/airafisioterapia.com\/wp-content\/uploads\/2026\/08\/aira-03-musculoesqueletica-768x614.jpg\" alt=\"Manos de fisioterapeuta trabajando sobre la rodilla de un paciente en camilla\" loading=\"lazy\"><p class=\"hor-tar-ver\">Veure tarifes &rarr;<\/p><\/div><div class=\"hor-tarifa-back\"><p class=\"hor-tar-bt\">Tarifes de fisioter\u00e0pia<\/p><div class=\"hor-tar-fila\"><span>Sessi\u00f3 completa<\/span><span>50 &euro;<\/span><\/div><div class=\"hor-tar-fila\"><span>Sessi\u00f3 de 30 minuts<\/span><span>35 &euro;<\/span><\/div><div class=\"hor-tar-fila\"><span>Bo 5 sessions*<\/span><span>235 &euro;<\/span><\/div><div class=\"hor-tar-fila\"><span>Bo 10 sessions**<\/span><span>450 &euro;<\/span><\/div><p class=\"hor-tar-pie\">* El bo de 5 sessions caduca als 2 mesos.<br>** El de 10 sessions, als 6 mesos.<\/p><\/div><\/div><\/div><div class=\"hor-tarifa\" tabindex=\"0\"><div class=\"hor-tarifa-inner\"><div class=\"hor-tarifa-front\"><p class=\"hor-tar-t\">Fisioter&agrave;pia pedi&agrave;trica<\/p><img decoding=\"async\" class=\"hor-tar-img\" src=\"https:\/\/airafisioterapia.com\/wp-content\/uploads\/2026\/08\/aira-card-pediatrica.jpg\" alt=\"Manos sosteniendo los pies de un beb&eacute; sobre una colchoneta\" loading=\"lazy\"><p class=\"hor-tar-ver\">Veure tarifes &rarr;<\/p><\/div><div class=\"hor-tarifa-back\"><p class=\"hor-tar-bt\">Tarifes de pediatria<\/p><div class=\"hor-tar-fila\"><span>Primera visita (90 min)<\/span><span>60 &euro;<\/span><\/div><div class=\"hor-tar-fila\"><span>Sessi\u00f3 de seguiment<\/span><span>50 &euro;<\/span><\/div><div class=\"hor-tar-fila\"><span>Fisioter\u00e0pia respirat\u00f2ria<\/span><span>55 &euro;<\/span><\/div><p class=\"hor-tar-pie\">Tenim packs de diverses sessions. Consulta amb els nostres professionals quin et va b\u00e9.<\/p><\/div><\/div><\/div><div class=\"hor-tarifa\" tabindex=\"0\"><div class=\"hor-tarifa-inner\"><div class=\"hor-tarifa-front\"><p class=\"hor-tar-t\">INDIBA&reg;<\/p><img decoding=\"async\" class=\"hor-tar-img\" src=\"https:\/\/airafisioterapia.com\/wp-content\/uploads\/2026\/08\/aira-card-indiba.jpg\" alt=\"Cabezal de INDIBA aplicado sobre la piel\" loading=\"lazy\"><p class=\"hor-tar-ver\">Veure tarifes &rarr;<\/p><\/div><div class=\"hor-tarifa-back\"><p class=\"hor-tar-bt\">Tarifes d'INDIBA&reg;<\/p><div class=\"hor-tar-fila\"><span>INDIBA&reg; (30 minuts)<\/span><span>35 &euro;<\/span><\/div><div class=\"hor-tar-fila\"><span>INDIBA&reg; (sessi\u00f3 completa)<\/span><span>50 &euro;<\/span><\/div><p class=\"hor-tar-pie\">Es combina amb la sessi\u00f3 de fisioter\u00e0pia i sempre l'apliquen sanitaris.<\/p><\/div><\/div><\/div><div class=\"hor-tarifa\" tabindex=\"0\"><div class=\"hor-tarifa-inner\"><div class=\"hor-tarifa-front\"><p class=\"hor-tar-t\">Fisioest&egrave;tica amb INDIBA&reg;<\/p><img decoding=\"async\" class=\"hor-tar-img\" src=\"https:\/\/airafisioterapia.com\/wp-content\/uploads\/2026\/08\/aira-card-fisioestetica.jpg\" alt=\"Toalla doblada y frasco de vidrio sobre una balda de madera\" loading=\"lazy\"><p class=\"hor-tar-ver\">Veure tarifes &rarr;<\/p><\/div><div class=\"hor-tarifa-back\"><p class=\"hor-tar-bt\">Tarifes de fisioest\u00e8tica<\/p><p class=\"hor-tar-grp\">Facial o abdomen<\/p><div class=\"hor-tar-fila\"><span>Sessi\u00f3<\/span><span>55 &euro;<\/span><\/div><div class=\"hor-tar-fila\"><span>Bo 5 sessions<\/span><span>265 &euro;<\/span><\/div><div class=\"hor-tar-fila\"><span>Bo 10 sessions<\/span><span>500 &euro;<\/span><\/div><p class=\"hor-tar-grp\">Corporal (cames)<\/p><div class=\"hor-tar-fila\"><span>Sessi\u00f3<\/span><span>75 &euro;<\/span><\/div><div class=\"hor-tar-fila\"><span>Bo 5 sessions<\/span><span>360 &euro;<\/span><\/div><div class=\"hor-tar-fila\"><span>Bo 10 sessions<\/span><span>700 &euro;<\/span><\/div><\/div><\/div><\/div><\/div><p class=\"hor-tar-sec\">Pilates i exercici terap\u00e8utic<\/p><div class=\"hor-tar-grid\"><div class=\"hor-tarifa\" tabindex=\"0\"><div class=\"hor-tarifa-inner\"><div class=\"hor-tarifa-front\"><p class=\"hor-tar-t\">Pilates terap\u00e8utic Reformer + Torre<\/p><img decoding=\"async\" class=\"hor-tar-img\" src=\"https:\/\/airafisioterapia.com\/wp-content\/uploads\/2026\/08\/aira-card-pilates.jpg\" alt=\"Detalle de los muelles y la polea de un reformer de Pilates\" loading=\"lazy\"><p class=\"hor-tar-ver\">Veure tarifes &rarr;<\/p><\/div><div class=\"hor-tarifa-back\"><p class=\"hor-tar-bt\">Pilates terap\u00e8utic Reformer + Torre<\/p><div class=\"hor-tar-fila\"><span>1 dia\/setmana<\/span><span>75 &euro;\/mes<\/span><\/div><div class=\"hor-tar-fila\"><span>2 dies\/setmana<\/span><span>130 &euro;\/mes<\/span><\/div><div class=\"hor-tar-fila\"><span>3 dies\/setmana<\/span><span>180 &euro;\/mes<\/span><\/div><div class=\"hor-tar-fila\"><span>Sessi\u00f3 solta<\/span><span>25 &euro;<\/span><\/div><div class=\"hor-tar-fila\"><span>Matr\u00edcula inicial<\/span><span><s>50 &euro;<\/s> Gratis<\/span><\/div><p class=\"hor-tar-pie\">Promoci\u00f3 d'obertura: matr\u00edcula gratu\u00efta per a qui s'apunti abans d'obrir.<\/p><\/div><\/div><\/div><div class=\"hor-tarifa\" tabindex=\"0\"><div class=\"hor-tarifa-inner\"><div class=\"hor-tarifa-front\"><p class=\"hor-tar-t\">Pilates Mat (terra)<\/p><img decoding=\"async\" class=\"hor-tar-img\" src=\"https:\/\/airafisioterapia.com\/wp-content\/uploads\/2026\/08\/aira-44-blog-pilates.jpg\" alt=\"Esterilla de Pilates enrollada apoyada en una pared de microcemento\" loading=\"lazy\"><p class=\"hor-tar-ver\">Veure tarifes &rarr;<\/p><\/div><div class=\"hor-tarifa-back\"><p class=\"hor-tar-bt\">Pilates Mat (terra)<\/p><div class=\"hor-tar-fila\"><span>1 dia\/setmana<\/span><span>55 &euro;\/mes<\/span><\/div><div class=\"hor-tar-fila\"><span>1 dia Reformer + 1 dia Mat<\/span><span>120 &euro;\/mes<\/span><\/div><div class=\"hor-tar-fila\"><span>Matr\u00edcula inicial<\/span><span><s>50 &euro;<\/s> Gratis<\/span><\/div><p class=\"hor-tar-pie\">Promoci\u00f3 d'obertura: matr\u00edcula gratu\u00efta per a qui s'apunti abans d'obrir.<\/p><\/div><\/div><\/div><div class=\"hor-tarifa\" tabindex=\"0\"><div class=\"hor-tarifa-inner\"><div class=\"hor-tarifa-front\"><p class=\"hor-tar-t\">Pilates terap\u00e8utic individual<\/p><img decoding=\"async\" class=\"hor-tar-img\" src=\"https:\/\/airafisioterapia.com\/wp-content\/uploads\/2026\/08\/aira-s08-pilates-reformer-768x953.jpg\" alt=\"Mano ajustando la correa de un reformer de Pilates\" loading=\"lazy\"><p class=\"hor-tar-ver\">Veure tarifes &rarr;<\/p><\/div><div class=\"hor-tarifa-back\"><p class=\"hor-tar-bt\">Pilates individual<\/p><div class=\"hor-tar-fila\"><span>Sessi\u00f3 solta<\/span><span>55 &euro;<\/span><\/div><div class=\"hor-tar-fila\"><span>Bo 4 sessions<\/span><span>200 &euro;<\/span><\/div><div class=\"hor-tar-fila\"><span>Bo 8 sessions<\/span><span>360 &euro;<\/span><\/div><p class=\"hor-tar-pie\">Caducitat: el bo de 4 sessions als 30 dies i el de 8 als 60.<\/p><\/div><\/div><\/div><div class=\"hor-tarifa\" tabindex=\"0\"><div class=\"hor-tarifa-inner\"><div class=\"hor-tarifa-front\"><p class=\"hor-tar-t\">Embar\u00e0s i postpart<\/p><img decoding=\"async\" class=\"hor-tar-img\" src=\"https:\/\/airafisioterapia.com\/wp-content\/uploads\/2026\/08\/aira-s11-embarazo-clases-768x953.jpg\" alt=\"Clase de ejercicio terap&eacute;utico para embarazadas\" loading=\"lazy\"><p class=\"hor-tar-ver\">Veure tarifes &rarr;<\/p><\/div><div class=\"hor-tarifa-back\"><p class=\"hor-tar-bt\">Embar\u00e0s i postpart<\/p><div class=\"hor-tar-fila\"><span>1 dia\/setmana<\/span><span>75 &euro;\/mes<\/span><\/div><div class=\"hor-tar-fila\"><span>2 dies\/setmana<\/span><span>130 &euro;\/mes<\/span><\/div><p class=\"hor-tar-pie\">Matr\u00edcula gratu\u00efta &middot; classes de 55 minuts.<\/p><\/div><\/div><\/div><\/div><p class=\"hor-tar-nota\">Si tens dubtes sobre qu\u00e8 et conv\u00e9, escriu-nos i ho mirem abans de reservar.<\/p><\/div><script>(function(){function init(){var cs=[].slice.call(document.querySelectorAll('.hor-tarifa'));cs.forEach(function(c){if(c.dataset.horBound){return;}c.dataset.horBound='1';c.addEventListener('click',function(){c.classList.toggle('flipped');});c.addEventListener('keydown',function(e){if(e.key==='Enter'){c.classList.toggle('flipped');}if(e.key===' '){e.preventDefault();c.classList.toggle('flipped');}});});}if(document.readyState==='loading'){document.addEventListener('DOMContentLoaded',init);}else{init();}setTimeout(init,900);})();<\/script>\t\t\t\t\t\t\t\t<\/div>\n\t\t\t\t\t<\/div>\n\t\t<\/div>\n\t\t\t\t\t<\/div>\n\t\t<\/section>\n\t\t\t\t<section class=\"elementor-section elementor-top-section elementor-element elementor-element-hor-cta elementor-section-boxed elementor-section-height-default elementor-section-height-default\" data-id=\"hor-cta\" data-element_type=\"section\" data-e-type=\"section\" data-settings=\"{&quot;background_background&quot;:&quot;classic&quot;}\">\n\t\t\t\t\t\t<div class=\"elementor-container elementor-column-gap-default\">\n\t\t\t\t\t<div class=\"elementor-column elementor-col-100 elementor-top-column elementor-element elementor-element-hor-cta-col\" data-id=\"hor-cta-col\" data-element_type=\"column\" data-e-type=\"column\">\n\t\t\t<div class=\"elementor-widget-wrap elementor-element-populated\">\n\t\t\t\t\t\t<div class=\"elementor-element elementor-element-hor-cta-w elementor-widget elementor-widget-text-editor\" data-id=\"hor-cta-w\" data-element_type=\"widget\" data-e-type=\"widget\" data-widget_type=\"text-editor.default\">\n\t\t\t\t\t\t\t\t\t<div style=\"text-align:center;max-width:760px;margin:0 auto;\"><h2 style=\"font-size:2rem;line-height:1.2;margin:0 0 14px;color:#FBF7F0;\">Et va b\u00e9 alguna franja?<\/h2><p style=\"font-family:'Work Sans',sans-serif;font-size:17px;line-height:1.75;color:#FBF7F0;margin:0 0 26px;\">Escriu-nos i et guardem la pla\u00e7a per a l'obertura. Si prefereixes una altra hora, digues-nos-ho tamb\u00e9: ens ajuda a quadrar els grups.<\/p><a href=\"\/ca\/contacto\/\" style=\"display:inline-block;font-family:'Work Sans',sans-serif;font-size:10px;letter-spacing:0.12em;text-transform:uppercase;font-weight:600;padding:15px 30px;border-radius:3px;text-decoration:none;background:#F2ECE1;color:#311F15;\">Reserva la teva pla\u00e7a<\/a><\/div>\t\t\t\t\t\t\t\t<\/div>\n\t\t\t\t\t<\/div>\n\t\t<\/div>\n\t\t\t\t\t<\/div>\n\t\t<\/section>\n\t\t\t\t<\/div>","protected":false},"excerpt":{"rendered":"<p>Horarios y tarifas de fisioterapia y Pilates en Tarragona Ma&ntilde;anas y tardes, de lunes a viernes Aqu&iacute; tienes la semana [&hellip;]<\/p>\n","protected":false},"author":1,"featured_media":0,"parent":0,"menu_order":0,"comment_status":"closed","ping_status":"closed","template":"","meta":{"site-sidebar-layout":"no-sidebar","site-content-layout":"","ast-site-content-layout":"full-width-container","site-content-style":"default","site-sidebar-style":"default","ast-global-header-display":"","ast-banner-title-visibility":"","ast-main-header-display":"","ast-hfb-above-header-display":"","ast-hfb-below-header-display":"","ast-hfb-mobile-header-display":"","site-post-title":"disabled","ast-breadcrumbs-content":"","ast-featured-img":"disabled","footer-sml-layout":"","ast-disable-related-posts":"","theme-transparent-header-meta":"","adv-header-id-meta":"","stick-header-meta":"","header-above-stick-meta":"","header-main-stick-meta":"","header-below-stick-meta":"","astra-migrate-meta-layouts":"default","ast-page-background-enabled":"default","ast-page-background-meta":{"desktop":{"background-color":"var(--ast-global-color-5)","background-image":"","background-repeat":"repeat","background-position":"center center","background-size":"auto","background-attachment":"scroll","background-type":"","background-media":"","overlay-type":"","overlay-color":"","overlay-opacity":"","overlay-gradient":""},"tablet":{"background-color":"","background-image":"","background-repeat":"repeat","background-position":"center center","background-size":"auto","background-attachment":"scroll","background-type":"","background-media":"","overlay-type":"","overlay-color":"","overlay-opacity":"","overlay-gradient":""},"mobile":{"background-color":"","background-image":"","background-repeat":"repeat","background-position":"center center","background-size":"auto","background-attachment":"scroll","background-type":"","background-media":"","overlay-type":"","overlay-color":"","overlay-opacity":"","overlay-gradient":""}},"ast-content-background-meta":{"desktop":{"background-color":"var(--ast-global-color-4)","background-image":"","background-repeat":"repeat","background-position":"center center","background-size":"auto","background-attachment":"scroll","background-type":"","background-media":"","overlay-type":"","overlay-color":"","overlay-opacity":"","overlay-gradient":""},"tablet":{"background-color":"var(--ast-global-color-4)","background-image":"","background-repeat":"repeat","background-position":"center center","background-size":"auto","background-attachment":"scroll","background-type":"","background-media":"","overlay-type":"","overlay-color":"","overlay-opacity":"","overlay-gradient":""},"mobile":{"background-color":"var(--ast-global-color-4)","background-image":"","background-repeat":"repeat","background-position":"center center","background-size":"auto","background-attachment":"scroll","background-type":"","background-media":"","overlay-type":"","overlay-color":"","overlay-opacity":"","overlay-gradient":""}},"footnotes":""},"class_list":["post-1656","page","type-page","status-publish","hentry"],"_links":{"self":[{"href":"https:\/\/airafisioterapia.com\/ca\/wp-json\/wp\/v2\/pages\/1656","targetHints":{"allow":["GET"]}}],"collection":[{"href":"https:\/\/airafisioterapia.com\/ca\/wp-json\/wp\/v2\/pages"}],"about":[{"href":"https:\/\/airafisioterapia.com\/ca\/wp-json\/wp\/v2\/types\/page"}],"author":[{"embeddable":true,"href":"https:\/\/airafisioterapia.com\/ca\/wp-json\/wp\/v2\/users\/1"}],"replies":[{"embeddable":true,"href":"https:\/\/airafisioterapia.com\/ca\/wp-json\/wp\/v2\/comments?post=1656"}],"version-history":[{"count":36,"href":"https:\/\/airafisioterapia.com\/ca\/wp-json\/wp\/v2\/pages\/1656\/revisions"}],"predecessor-version":[{"id":1737,"href":"https:\/\/airafisioterapia.com\/ca\/wp-json\/wp\/v2\/pages\/1656\/revisions\/1737"}],"wp:attachment":[{"href":"https:\/\/airafisioterapia.com\/ca\/wp-json\/wp\/v2\/media?parent=1656"}],"curies":[{"name":"wp","href":"https:\/\/api.w.org\/{rel}","templated":true}]}}